{"id":181,"date":"2015-09-28T19:01:18","date_gmt":"2015-09-28T17:01:18","guid":{"rendered":"http:\/\/www.naturfreunde-stockach.de\/?page_id=181"},"modified":"2025-10-16T10:41:53","modified_gmt":"2025-10-16T08:41:53","slug":"impressum","status":"publish","type":"page","link":"https:\/\/naturfreunde-stockach.de\/index.php\/impressum\/","title":{"rendered":"Impressum"},"content":{"rendered":"<p class=\"paragraph_style_3\"><span class=\"style_2\">Naturfreunde Stockach e.V.<br \/>\n<\/span><\/p>\n<p class=\"paragraph_style_4\"><span class=\"style_3\">Valentin Claus<\/span><\/p>\n<p class=\"paragraph_style_4\"><span class=\"style_3\">Anna-Zentgraf-Stra\u00dfe 6<br \/>\n88662 \u00dcberlingen<br \/>\nvalentin.claus(at)naturfreunde-stockach.de<\/span><span class=\"style_4\"><br \/>\n<\/span><\/p>\n<p class=\"paragraph_style_5\"><span class=\"style_5\">\u00a0<\/span><\/p>\n<p class=\"paragraph_style_4\"><span class=\"style_3\">Vertretungsberechtiger Vorstand: Manfred Gohl, J\u00fcrgen Kempter<\/span><span class=\"style_4\"><br \/>\n<\/span><\/p>\n<p class=\"paragraph_style_4\"><span class=\"style_3\">Registergericht: Amtsgericht Stockach<\/span><span class=\"style_4\"><br \/>\n<\/span><\/p>\n<p class=\"paragraph_style_4\"><span class=\"style_3\">Registernummer: VR 93-St-<\/span><span class=\"style_4\"><br \/>\n<\/span><\/p>\n<p class=\"paragraph_style_5\"><span class=\"style_5\">\u00a0<\/span><\/p>\n<p class=\"paragraph_style_6\"><span class=\"style_2\">Haftungsausschlu\u00df:<\/span><span class=\"style_4\"><br \/>\n<\/span><\/p>\n<p class=\"paragraph_style_7\"><span class=\"style_3\">Die\u00a0TV &#8222;Die Naturfreunde&#8220; Ortsgruppe Stockach e. V. pr\u00fcft und aktualisiert die Informationen auf ihrer Webseite regelm\u00e4\u00dfig. Trotz aller Sorgfalt k\u00f6nnen sich die Daten zwischenzeitlich ver\u00e4ndert haben. Eine Haftung oder Garantie f\u00fcr die Aktualit\u00e4t, Richtigkeit und Vollst\u00e4ndigkeit der Informationen kann daher nicht \u00fcbernommen werden.<br \/>\nDiese Website enth\u00e4lt Verweise auf Websites, die von Dritten betrieben werden. Die\u00a0Naturfreunde Stockach e. V. hat keinerlei Kontrolle \u00fcber die Websites und die dort angebotenen Informationen, Waren oder Dienstleistungen.<br \/>\nDie Naturfreunde Stockach e. V \u00fcbernimmt daher keinerlei Verantwortung, aus welchem Rechtsgrund auch immer, f\u00fcr den Inhalt der Websites Dritter.<br \/>\nDie Naturfreunde Stockach e. V beh\u00e4lt sich das Recht vor, die auf dieser Website angebotenen Informationen, Produkte oder Dienstleistungen ohne gesonderte Ank\u00fcndigung jederzeit zu ver\u00e4ndern oder zu aktualisieren.<br \/>\nF\u00fcr gegebenenfalls bestehende oder k\u00fcnftig entstehende Rechtsverh\u00e4ltnisse ist ausschlie\u00dflich deutsches Recht anwendbar und sind nur deutsche Gerichte zust\u00e4ndig<\/span><span class=\"style_4\"><br \/>\n<\/span><\/p>\n","protected":false},"excerpt":{"rendered":"<p>Naturfreunde Stockach e.V. Valentin Claus Anna-Zentgraf-Stra\u00dfe 6 88662 \u00dcberlingen valentin.claus(at)naturfreunde-stockach.de \u00a0 Vertretungsberechtiger Vorstand: Manfred Gohl, J\u00fcrgen Kempter Registergericht: Amtsgericht Stockach[&#8230;]<\/p>\n","protected":false},"author":1,"featured_media":0,"parent":0,"menu_order":0,"comment_status":"closed","ping_status":"closed","template":"","meta":{"footnotes":""},"class_list":["post-181","page","type-page","status-publish","hentry"],"_links":{"self":[{"href":"https:\/\/naturfreunde-stockach.de\/index.php\/wp-json\/wp\/v2\/pages\/181","targetHints":{"allow":["GET"]}}],"collection":[{"href":"https:\/\/naturfreunde-stockach.de\/index.php\/wp-json\/wp\/v2\/pages"}],"about":[{"href":"https:\/\/naturfreunde-stockach.de\/index.php\/wp-json\/wp\/v2\/types\/page"}],"author":[{"embeddable":true,"href":"https:\/\/naturfreunde-stockach.de\/index.php\/wp-json\/wp\/v2\/users\/1"}],"replies":[{"embeddable":true,"href":"https:\/\/naturfreunde-stockach.de\/index.php\/wp-json\/wp\/v2\/comments?post=181"}],"version-history":[{"count":3,"href":"https:\/\/naturfreunde-stockach.de\/index.php\/wp-json\/wp\/v2\/pages\/181\/revisions"}],"predecessor-version":[{"id":2521,"href":"https:\/\/naturfreunde-stockach.de\/index.php\/wp-json\/wp\/v2\/pages\/181\/revisions\/2521"}],"wp:attachment":[{"href":"https:\/\/naturfreunde-stockach.de\/index.php\/wp-json\/wp\/v2\/media?parent=181"}],"curies":[{"name":"wp","href":"https:\/\/api.w.org\/{rel}","templated":true}]}}