{"id":568,"date":"2025-10-05T20:00:51","date_gmt":"2025-10-05T18:00:51","guid":{"rendered":"http:\/\/naturfreunde-stockach.de\/?post_type=tribe_events&#038;p=568"},"modified":"2025-10-04T13:34:22","modified_gmt":"2025-10-04T11:34:22","slug":"jugendhuette-premiere","status":"publish","type":"tribe_events","link":"https:\/\/naturfreunde-stockach.de\/index.php\/termin\/jugendhuette-premiere\/","title":{"rendered":"Jugendh\u00fctte"},"content":{"rendered":"<div class=\"page\" title=\"Page 17\">\n<div class=\"section\">\n<div class=\"layoutArea\">\n<div class=\"column\">\n<div class=\"page\" title=\"Page 25\">\n<div class=\"section\">\n<div class=\"layoutArea\">\n<div class=\"column\">\n<p>&nbsp;<\/p>\n<p class=\"p1\">Habt ihr Lust auf ein Wochenende im Skigebiet mit jeder menge Spa\u00df auf den Pisten und anschlie\u00dfend auch beim Apr\u00e8s Ski am Schirm?<\/p>\n<p class=\"p1\">Dann melde dich doch bei unserer Jugendh\u00fctte an!<\/p>\n<p class=\"p1\">Wir werden mit Fahrgemeinschaften ins Sennhaus nach Warth-Schr\u00f6cken fahren.<br \/>\nIn diesem werden wir gemeinsam fr\u00fchst\u00fccken, abendessen und generell eine gute Zeit miteinander verbringen.<\/p>\n<p class=\"p1\">Wir freuen uns auf ein tolles Wochenende mit viel Spa\u00df, Schnee und Party mit Euch!<\/p>\n<\/div>\n<\/div>\n<\/div>\n<\/div>\n<p><strong>Infos in K\u00fcrze:<\/strong><\/p>\n<ul>\n<li><strong>Wo: Sennhaus in Warth-Schr\u00f6cken<br \/>\n<\/strong><\/li>\n<li><strong>Wann: \u00a020. &#8211; 22.02.2026<\/strong><\/li>\n<li><strong>Alter: ab 16 Jahre<\/strong><\/li>\n<li><strong>Abfahrt: 20.02., genaue Infos folgen<br \/>\n<\/strong><\/li>\n<li><strong>Kosten:\u00a0\u00a0 110,-\u00a0 \u20ac p.P. (\u00dcbernachtung, Vollpension) + Liftkarte<\/strong><\/li>\n<\/ul>\n<h4 style=\"text-align: center;\"><a href=\"https:\/\/naturfreunde-stockach.de\/index.php\/anmeldung\/anmeldung-jugendfreizeit\/\"><strong>Hier gehts zur Anmeldung<\/strong><\/a><\/h4>\n<p><a href=\"https:\/\/naturfreunde-stockach.de\/wp-content\/uploads\/2017\/10\/Jugendhu\u0308tte_1.jpg\"><img loading=\"lazy\" decoding=\"async\" class=\"size-medium wp-image-1025 aligncenter\" src=\"https:\/\/naturfreunde-stockach.de\/wp-content\/uploads\/2017\/10\/Jugendhu\u0308tte_1-300x225.jpg\" alt=\"\" width=\"300\" height=\"225\" srcset=\"https:\/\/naturfreunde-stockach.de\/wp-content\/uploads\/2017\/10\/Jugendhu\u0308tte_1-300x225.jpg 300w, https:\/\/naturfreunde-stockach.de\/wp-content\/uploads\/2017\/10\/Jugendhu\u0308tte_1-768x576.jpg 768w, https:\/\/naturfreunde-stockach.de\/wp-content\/uploads\/2017\/10\/Jugendhu\u0308tte_1-1024x768.jpg 1024w\" sizes=\"auto, (max-width: 300px) 100vw, 300px\" \/><\/a><\/p>\n<p>&nbsp;<\/p>\n<\/div>\n<\/div>\n<\/div>\n<\/div>\n","protected":false},"excerpt":{"rendered":"<p>&nbsp; Habt ihr Lust auf ein Wochenende im Skigebiet mit jeder menge Spa\u00df auf den Pisten und anschlie\u00dfend auch beim[&#8230;]<\/p>\n","protected":false},"author":1,"featured_media":2036,"comment_status":"closed","ping_status":"closed","template":"","meta":{"_tribe_events_status":"","_tribe_events_status_reason":"","footnotes":""},"tags":[],"tribe_events_cat":[],"class_list":["post-568","tribe_events","type-tribe_events","status-publish","has-post-thumbnail","hentry"],"_links":{"self":[{"href":"https:\/\/naturfreunde-stockach.de\/index.php\/wp-json\/wp\/v2\/tribe_events\/568","targetHints":{"allow":["GET"]}}],"collection":[{"href":"https:\/\/naturfreunde-stockach.de\/index.php\/wp-json\/wp\/v2\/tribe_events"}],"about":[{"href":"https:\/\/naturfreunde-stockach.de\/index.php\/wp-json\/wp\/v2\/types\/tribe_events"}],"author":[{"embeddable":true,"href":"https:\/\/naturfreunde-stockach.de\/index.php\/wp-json\/wp\/v2\/users\/1"}],"replies":[{"embeddable":true,"href":"https:\/\/naturfreunde-stockach.de\/index.php\/wp-json\/wp\/v2\/comments?post=568"}],"version-history":[{"count":21,"href":"https:\/\/naturfreunde-stockach.de\/index.php\/wp-json\/wp\/v2\/tribe_events\/568\/revisions"}],"predecessor-version":[{"id":2433,"href":"https:\/\/naturfreunde-stockach.de\/index.php\/wp-json\/wp\/v2\/tribe_events\/568\/revisions\/2433"}],"wp:featuredmedia":[{"embeddable":true,"href":"https:\/\/naturfreunde-stockach.de\/index.php\/wp-json\/wp\/v2\/media\/2036"}],"wp:attachment":[{"href":"https:\/\/naturfreunde-stockach.de\/index.php\/wp-json\/wp\/v2\/media?parent=568"}],"wp:term":[{"taxonomy":"post_tag","embeddable":true,"href":"https:\/\/naturfreunde-stockach.de\/index.php\/wp-json\/wp\/v2\/tags?post=568"},{"taxonomy":"tribe_events_cat","embeddable":true,"href":"https:\/\/naturfreunde-stockach.de\/index.php\/wp-json\/wp\/v2\/tribe_events_cat?post=568"}],"curies":[{"name":"wp","href":"https:\/\/api.w.org\/{rel}","templated":true}]}}